{"id":588,"date":"2015-09-03T15:18:56","date_gmt":"2015-09-03T13:18:56","guid":{"rendered":"https:\/\/www.vinaporter.it\/en\/?page_id=588"},"modified":"2024-10-28T12:28:15","modified_gmt":"2024-10-28T11:28:15","slug":"informativa-sulla-privacy","status":"publish","type":"page","link":"https:\/\/www.vinaporter.it\/en\/informativa-sulla-privacy\/","title":{"rendered":"Privacy policy"},"content":{"rendered":"<div data-elementor-type=\"wp-page\" data-elementor-id=\"588\" class=\"elementor elementor-588\" data-elementor-post-type=\"page\">\n\t\t\t\t\t\t<section class=\"elementor-section elementor-top-section elementor-element elementor-element-36dbd8d1 elementor-section-boxed elementor-section-height-default elementor-section-height-default\" data-id=\"36dbd8d1\" data-element_type=\"section\" data-e-type=\"section\">\n\t\t\t\t\t\t<div class=\"elementor-container elementor-column-gap-default\">\n\t\t\t\t\t<div class=\"elementor-column elementor-col-100 elementor-top-column elementor-element elementor-element-7ec5bb84\" data-id=\"7ec5bb84\" data-element_type=\"column\" data-e-type=\"column\">\n\t\t\t<div class=\"elementor-widget-wrap elementor-element-populated\">\n\t\t\t\t\t\t<div class=\"elementor-element elementor-element-67f3d30 elementor-widget elementor-widget-heading\" data-id=\"67f3d30\" data-element_type=\"widget\" data-e-type=\"widget\" data-widget_type=\"heading.default\">\n\t\t\t\t<div class=\"elementor-widget-container\">\n\t\t\t\t\t<h6 class=\"elementor-heading-title elementor-size-default\">Vin \u00c0 Porter \u00e8 un marchio registrato di Cantina Mingazzini Srl<\/h6>\t\t\t\t<\/div>\n\t\t\t\t<\/div>\n\t\t\t\t<div class=\"elementor-element elementor-element-20fe2467 elementor-widget elementor-widget-text-editor\" data-id=\"20fe2467\" data-element_type=\"widget\" data-e-type=\"widget\" data-widget_type=\"text-editor.default\">\n\t\t\t\t<div class=\"elementor-widget-container\">\n\t\t\t\t\t\t\t\t\t<p class=\"p1\"><strong>INTRODUZIONE<\/strong><\/p>\n<p class=\"p2\">Con il presente documento (\u201cInformativa\u201d) il Titolare del trattamento, come di seguito definito, desidera informarla sulle finalit\u00e0 e le modalit\u00e0 del trattamento dei Suoi dati personali e sui diritti che Le sono riconosciuti dal Regolamento (UE) 2016\/679 (\u201cGDPR\u201d).<br>La presente Informativa potr\u00e0 essere integrata dal Titolare ove eventuali servizi aggiuntivi richiesti dovessero comportare ulteriori trattamenti.<\/p>\n<p class=\"p2\">L\u2019informativa \u00e8 limitata al sito da lei consultato e non anche ad altri siti web eventualmente consultabili mediante un collegamento ipertestuale.<\/p>\n<p class=\"p2\">Il titolare intende informarla che, per effetto della consultazione e della visita del qui presente sito web, il titolare entra in possesso dei dati personali (ovverosia qualunque informazione riguardante una persona fisica identificata o identificabile) connessi alla navigazione.<\/p>\n<p class=\"p3\">Pertanto, nel pieno rispetto dei principi di correttezza, liceit\u00e0 e trasparenza il titolare fornisce le seguenti informazioni.<\/p><p class=\"p3\"><br><\/p>\n<p class=\"p3\">\n<\/p>\n<p class=\"p1\"><span style=\"color: #a02042;\">1. TITOLARE DEL TRATTAMENTO<\/span><\/p>\n<p class=\"p3\"><b>Cantina Mingazzini S.r.l., <\/b>con sede in Via Lamberti, 50, 40059 Medicina (Bologna), Italy, e-mail: <a href=\"mailto:info@cantinamingazzini.it\">mailto:info@cantinamingazzini.it<\/a>.<\/p><p class=\"p3\"><br><\/p>\n<p class=\"p3\">\n<\/p>\n<p class=\"p1\"><span style=\"color: #a02042;\">2. TIPOLOGIA DI DATI TRATTATI<\/span><\/p>\n<p class=\"p2\">Il titolare tratta dati personali identificativi correlati alla navigazione ed alla consultazione del nostro portale (nome, cognome, et\u00e0 dell\u2019utente, e-mail, indirizzo, numero di telefono, numero delle carte di pagamento, indirizzo IP, Sistema operativo, tipo e versione del browser).<\/p>\n<p class=\"p2\">Tali dati vengono forniti volontariamente dall\u2019Utente per le finalit\u00e0 sottoelencate ed essenzialmente per permettere di ottenere informazioni o chiarimenti, per la conclusione di un contratto, per ricevere un preventivo, per creare un profilo all\u2019interno del nostro sito web, per l\u2019invio delle newsletter.<\/p>\n<p class=\"p2\">Il titolare tratter\u00e0 inoltre i dati personali comunicati, in presenza del consenso dell\u2019interessato, per finalit\u00e0 di marketing, profilazione e per il rilascio di fidelity card.<\/p>\n<p class=\"p2\">Il titolare non \u00e8 in possesso di alcun dato sensibile (o appartenente a particolari categorie di dati ex art. 9 Regolamento) n\u00e9 di alcun dato biometrico, genetico o giudiziario.<\/p>\n<p class=\"p2\">Per quanto riguarda i dati relativi ai pagamenti, il titolare del trattamento si limita a ricevere dalle societ\u00e0 di pagamento digitale e dagli Istituti gestori dei pagamenti con carte di credito un\u2019informazione di ritorno riguardante lo status legato a quest\u2019ultimo (a buon fine\/rifiutato). Tutti i dettagli sulla carta prepagata o sulla carta di credito sono memorizzati dagli enti che gestiscono il relativo servizio, che non sono autorizzati ad utilizzare per altri scopi i dati personali ricevuti tramite il presente sito web. Tali soggetti sono autonomi Titolari del trattamento.<\/p>\n<p class=\"p2\">I dati saranno trattati nel rispetto dei principi di limitazione delle finalit\u00e0, minimizzazione dei dati, esattezza, limitazione della conservazione, pertinenza, non eccedenza e tutela della riservatezza.<\/p><p class=\"p2\"><br><\/p>\n<p class=\"p2\">\n<\/p>\n<p class=\"p5\"><span style=\"color: #a02042;\">3. FINALIT\u00c0 DEL TRATTAMENTO E BASE GIURIDICA<\/span><\/p>\n<p class=\"p2\"><b>UTENTI.<\/b><\/p>\n<p class=\"p2\"><span class=\"s1\"><b>1. Uso del Sito<\/b><\/span><\/p>\n<p class=\"p2\">Il trattamento dei dati personali \u00e8 necessario per reperire le informazioni preliminari per la conclusione di un contratto con il titolare.<\/p>\n<p class=\"p2\">A seguito della sua richiesta di informazioni \u2013 inoltrata mediante la compilazione del <i>form<\/i> contatti \u2013 il titolare verr\u00e0 a conoscenza dei dati da lei inseriti che saranno trattati per fornirle le informazioni richieste e\/o per fissare un appuntamento.<\/p>\n<p class=\"p2\">Sar\u00e0 possibile, inoltre, creare un profilo all\u2019interno del nostro sito, tramite la procedura di registrazione.<\/p>\n<p class=\"p2\">La base giuridica, in entrambi i casi, \u00e8 l\u2019esecuzione di un rapporto contrattuale.<\/p>\n<p class=\"p2\"><b>Natura del conferimento:<\/b>&nbsp;Obbligatoria &#8211;&nbsp;Il mancato conferimento dei dati comporter\u00e0 l\u2019impossibilit\u00e0 per il titolare di dare seguito alle Sue richieste precontrattuali\/contrattuali e\/o consentirle di registrarsi presso il nostro sito web. Sar\u00e0, per\u00f2, possibile mettersi direttamente in contatto con il titolare utilizzando i recapiti presenti sul sito.<\/p>\n<p class=\"p2\"><b>Modalit\u00e0 del Trattamento:<\/b>&nbsp;Il trattamento \u00e8 eseguito, prevalentemente, con strumenti informatici. I dati non sono soggetti a trattamenti automatizzati.<\/p>\n<p class=\"p2\"><b>Periodo di conservazione: <\/b>I dati personali saranno trattati per rispondere alla sua richiesta, dopodich\u00e9 i dati non saranno conservati, salvo che venga stipulato un contratto: in tal caso i dati saranno conservati per dieci anni, termine ordinario di prescrizione.<\/p>\n<p class=\"p2\">Per quanto riguarda, invece, la creazione di un profilo all\u2019interno del sito web, i dati saranno conservati sino a che non procederete alla cancellazione del vostro account.<br>In ogni caso, il titolare provveder\u00e0 a cancellare i dati dopo che siano trascorsi due anni senza interazione sul sito web e\/o senza nuovi accessi.<\/p>\n<p class=\"p2\"><span class=\"s1\"><b>2. Conclusione di un contratto<\/b><\/span><\/p>\n<p class=\"p2\">Sul nostro sito web sar\u00e0 possibile acquistare alcuni prodotti. In tal caso, avremo bisogno di alcune informazioni per permettere l\u2019inoltro dell\u2019ordine e il perfezionamento del contratto.<\/p>\n<p class=\"p2\">I dati saranno trattati anche per l\u2019eventuale fatturazione e per adempiere agli obblighi di legge.<\/p>\n<p class=\"p2\">La base giuridica \u00e8 l\u2019esecuzione di un rapporto contrattuale e l\u2019adempimento di obblighi di legge in tema di fatturazione e contabilit\u00e0.<\/p>\n<p class=\"p2\"><b>Natura del conferimento:<\/b>&nbsp;Obbligatoria &#8211;&nbsp;Il mancato conferimento dei dati comporter\u00e0 l\u2019impossibilit\u00e0 di concludere il contratto. Sar\u00e0, per\u00f2, possibile mettersi direttamente in contatto con il titolare utilizzando i recapiti presenti sul sito.<\/p>\n<p class=\"p2\"><b>Modalit\u00e0 del Trattamento:<\/b>&nbsp;Il trattamento \u00e8 eseguito, prevalentemente, con strumenti informatici. I dati non sono soggetti a trattamenti automatizzati.<\/p>\n<p class=\"p2\"><b>Periodo di conservazione: <\/b>I dati personali saranno conservati per 10 anni, in adempimento degli obblighi di legge e per documentazione interna.<\/p>\n<p class=\"p2\"><span class=\"s1\"><b>3. Soft Spam<\/b><\/span><\/p>\n<p class=\"p2\">In base alla normativa vigente (art. 130, comma 4, D. Lgs. 196\/2003), la Cantina Mingazzini Srl potr\u00e0 utilizzare l\u2019indirizzo di posta elettronica che ci hai fornito in occasione dell\u2019acquisito di alcuni nostri prodotti per pubblicizzare prodotti analoghi a quelli da te acquistati in precedenza.<\/p>\n<p class=\"p2\">Ci teniamo, per\u00f2, a ricordarti che qualora non desiderassi pi\u00f9 ricevere le nostre comunicazioni potrai segnalarcelo&nbsp;<i>i<\/i>) sia rispondendo alla mail che ti abbiamo inviato&nbsp;<i>ii<\/i>) sia utilizzando l\u2019apposito tasto \u201c<i>Unsubscribe<\/i>\u201d che troverai in calce alla mail che ti inviamo.<\/p>\n<p class=\"p2\">La base giuridica del trattamento \u00e8 il legittimo interesse.<\/p>\n<p class=\"p2\"><b>Modalit\u00e0 del Trattamento:<\/b>&nbsp;Il trattamento \u00e8 eseguito, prevalentemente, con strumenti informatici.<\/p>\n<p class=\"p2\"><b>Periodo di conservazione: <\/b>I dati personali saranno conservati sino a che non ci comunicherai, in qualunque modo, la tua volont\u00e0 di non ricevere pi\u00f9 comunicazione promozionali da parte nostra.<\/p>\n<p class=\"p2\"><span class=\"s1\"><b>4. Fidelity card<\/b><\/span><\/p>\n<p class=\"p2\">Qualora richiesto, la Cantina Mingazzini rilascer\u00e0 una fidelity card. Si tratta di uno strumento che, in base al volume di acquisti effettuato, ti consentir\u00e0 di ottenere uno sconto sui successivi acquisiti.<\/p>\n<p class=\"p2\">Terremo in considerazione solamente il volume di spesa e non i singoli prodotti acquistati.<\/p>\n<p class=\"p2\">La base giuridica del trattamento \u00e8 l\u2019esecuzione di un rapporto contrattuale.<\/p>\n<p class=\"p2\"><b>Modalit\u00e0 del Trattamento:<\/b>&nbsp;Il trattamento \u00e8 eseguito, prevalentemente, con strumenti informatici.<\/p>\n<p class=\"p2\"><b>Periodo di conservazione: <\/b>I dati personali saranno conservati per 2 anni dall\u2019ultimo acquisto effettuato. Conserveremo i tuoi dati, in presenza di acquisti, in base agli obblighi di conservazione della documentazione fiscale e contabile.<\/p>\n<p class=\"p2\">Il conferimento dei dati \u00e8 facoltativo. Laddove non fossi interessato ad ottenere la nostra fidelity card, potrai comunque effettuare acquisti sul nostro sito, chiedere informazioni o semplicemente dare un\u2019occhiata ai nostri prodotti.<\/p>\n<p class=\"p2\"><b>5. Profilazione<\/b><\/p>\n<p class=\"p2\">In presenza del consenso dell\u2019interessato, procederemo ad effettuare attivit\u00e0 di profilazione, intesa come osservazione delle abitudine di acquisto dei prodotti presenti sul nostro sito.<\/p>\n<p class=\"p2\">Perch\u00e9 lo facciamo? Sia per migliorarci sia per inoltrarti comunicazioni in linea con le tue preferenze.<\/p>\n<p class=\"p2\">Quali dati raccoglieremo a tal fine? Nome, cognome, prodotti acquistati, data e frequenza dell\u2019acquisto.<\/p>\n<p class=\"p2\">Il conferimento dei dati \u00e8 facoltativo. Senza il tuo consenso preventivo non terremo traccia di questi dati. Il mancato consenso non avr\u00e0 alcuna conseguenza.<\/p>\n<p class=\"p2\">Sar\u00e0 sempre possibile, comunque, revocare il consenso prestato in precedenza scrivendoci una mail o contattandoci in qualsiasi modo.<br>Sar\u00e0 tuo diritto, inoltre, richiedere la cancellazione dei dati che abbiamo archiviato in conformit\u00e0 a questa informativa privacy.<\/p>\n<p class=\"p2\"><b>Modalit\u00e0 del Trattamento:<\/b>&nbsp;Il trattamento \u00e8 eseguito, prevalentemente, con strumenti informatici.<\/p>\n<p class=\"p2\"><b>Periodo di conservazione: <\/b>I dati personali saranno conservati per 2 anni dall\u2019ultimo acquisto effettuato. Trascorso questo periodo, provvederemo all\u2019eliminazione dei dati relativi alle abitudini di acquisto; conserveremo, per\u00f2, le informazioni relative all\u2019acquisto effettuato, cos\u00ec come risultanti dalla documentazione fiscale e\/o contabile. In questo caso, conserveremo i tuoi dati per tutto il tempo richiesto dalla legge (massimo 10 anni).<\/p>\n<p class=\"p2\">&nbsp;<b>6. Dati di Navigazione<\/b><\/p>\n<p class=\"p2\">I sistemi informatici e le procedure&nbsp;<i>software<\/i>&nbsp;preposte al funzionamento di questo sito&nbsp;<i>web<\/i>&nbsp;acquisiscono, nel corso del loro normale esercizio, alcuni dati personali la cui trasmissione \u00e8 implicita nell\u2019uso dei protocolli di comunicazione di Internet.<\/p>\n<p class=\"p2\">Si tratta di informazioni che non sono raccolte per essere associate a interessati identificati, ma che per loro stessa natura potrebbero, attraverso elaborazioni ed associazioni con dati detenuti da terzi, permettere di identificare gli utenti.<\/p>\n<p class=\"p2\">In questa categoria di dati rientrano gli indirizzi IP o i nomi a dominio dei computer utilizzati dagli utenti che si connettono al sito, gli indirizzi in notazione&nbsp;URI<i> (Uniform Resource Identifier)<\/i>&nbsp;delle risorse richieste, l\u2019orario della richiesta, il metodo utilizzato nel sottoporre la richiesta al server, la dimensione del file ottenuto in risposta, il codice numerico indicante lo stato della risposta data dal&nbsp;<i>server<\/i>&nbsp;(buon fine, errore, ecc.) ed altri parametri relativi al sistema operativo e all\u2019ambiente informatico dell\u2019utente.<\/p>\n<p class=\"p2\">Questi dati vengono utilizzati al solo fine di ricavare informazioni statistiche anonime sull\u2019uso del sito e per controllarne il corretto funzionamento e vengono cancellati immediatamente dopo l\u2019elaborazione. I dati potrebbero essere&nbsp;utilizzati per l\u2019accertamento di responsabilit\u00e0 in caso di ipotetici reati informatici ai danni del sito: salva questa eventualit\u00e0, allo stato i dati sui contatti&nbsp;<i>web<\/i>&nbsp;non persistono per pi\u00f9 di sette giorni.<\/p>\n<p class=\"p2\">I dati forniti verranno trattati per le seguenti finalit\u00e0:<\/p>\n<ul class=\"ul1\">\n<li class=\"li2\">Manutenzione del sito<\/li>\n<li class=\"li2\">Uso illecito del sito<\/li>\n<li class=\"li2\">Analisi statistiche, anonime, sull\u2019uso del sito<\/li>\n<\/ul>\n<p class=\"p2\">La base giuridica del trattamento \u00e8 il legittimo interesse.<\/p>\n<p class=\"p2\"><b>Natura del conferimento:<\/b>&nbsp;Obbligatoria &#8211; Il mancato conferimento dei dati comporter\u00e0 l\u2019impossibilit\u00e0 per l&#8217;azienda di erogare il servizio web fornito.<\/p>\n<p class=\"p2\"><b>Periodo conservazione dati personali<\/b>:&nbsp;I dati sono conservati per 7 giorni.<\/p>\n<p class=\"p2\"><b>7. Recensioni <\/b><\/p>\n<p class=\"p2\">Qualora tu decida di recensire un nostro prodotto, potrai inserire il tuo nome e il tuo cognome e questo sar\u00e0 visibile anche agli altri utenti.<\/p>\n<p class=\"p2\">La base giuridica del trattamento \u00e8 l\u2019esecuzione di un rapporto contrattuale.<\/p>\n<p class=\"p2\">I dati saranno conservati sino a che non cancellerai il commento.<\/p>\n<p class=\"p2\">Il conferimento dei dati \u00e8 facoltativo.<\/p>\n<p class=\"p2\"><b>8. Social Plug-in<\/b><\/p>\n<p class=\"p2\">Quando un utente utilizza la&nbsp;<i>Pagina<\/i>&nbsp;amministrata dal Titolare, Facebook (\u201c<i>Social Media<\/i>\u201d) raccoglie informazioni quali ad esempio i tipi di contenuti visualizzati o con cui interagisce, le azioni eseguite nonch\u00e9 le informazioni sui dispositivi usati (indirizzi IP, sistema operativo, tipo di browser, impostazioni della lingua, cookie).<\/p>\n<p class=\"p2\">Collegando, quindi, alla pagina facebook tramite il sito web verranno trasmesse informazioni e dati alla piattaforma social.<\/p>\n<p class=\"p2\">Pertanto, di seguito, verranno indicate brevemente le modalit\u00e0 di acquisizione dei dati e verranno forniti le indicazioni su come reperire le modalit\u00e0 di trattamento dei dati da parte della pagina social.<\/p>\n<p class=\"p2\">Gli&nbsp;Insights&nbsp;della&nbsp;<i>Pagina<\/i>&nbsp;sono statistiche aggregate create da determinati eventi registrati dai server di Facebook quando gli utenti interagiscono con le&nbsp;<i>Pagine<\/i>&nbsp;e i contenuti in esse presenti.<\/p>\n<p class=\"p2\">Come illustrato nella&nbsp;<i>Privacy Policy<\/i>&nbsp;di Facebook, il&nbsp;<i>Social Media<\/i>&nbsp;raccoglie e usa informazioni anche per fornire servizi di raccolta di dati statistici definiti&nbsp;<i>Insights&nbsp;<\/i>della&nbsp;<i>Pagina<\/i>&nbsp;agli amministratori delle pagine per consentire loro di capire la modalit\u00e0 con cui le persone interagiscono con i contenuti in esse presenti.<\/p>\n<p class=\"p2\">I dettagli sulle modalit\u00e0 di trattamento eseguito da Facebook sono disponibili al seguente link: <a href=\"https:\/\/www.facebook.com\/privacy\/explanation\" target=\"_blank\" rel=\"noopener\">https:\/\/www.facebook.com\/privacy\/explanation<\/a><\/p>\n<p class=\"p2\">I dettagli sui dati personali trattati per Insights sono disponibili al seguente link: <a href=\"https:\/\/www.facebook.com\/legal\/terms\/information_about_page_insights_data\" target=\"_blank\" rel=\"noopener\">https:\/\/www.facebook.com\/legal\/terms\/information_about_page_insights_data<\/a><\/p>\n<p class=\"p2\">I dettagli sui cookie utilizzati da Facebook, sono disponibili al seguente link: <a href=\"https:\/\/www.facebook.com\/policies\/cookies\/\" target=\"_blank\" rel=\"noopener\">https:\/\/www.facebook.com\/policies\/cookies\/<\/a><\/p>\n<p class=\"p2\">L\u2019accordo di contitolarit\u00e0, (<a href=\"https:\/\/www.facebook.com\/legal\/terms\/page_controller_addendum, ivi consultabile\" target=\"_blank\" rel=\"noopener\">https:\/\/www.facebook.com\/legal\/terms\/page_controller_addendum, ivi consultabile<\/a>) fra il Titolare e Facebook, copre la creazione di tali eventi e la loro aggregazione in Insights nella Pagina&nbsp;fornita ad ogni amministratore.<\/p>\n<p class=\"p2\">La base giuridica del trattamento \u00e8 l\u2019interesse legittimo del Titolare, art. 6, paragrafo 1, lettera f), GDPR. Pertanto, non \u00e8 necessaria l\u2019acquisizione di un Suo preventivo consenso al trattamento.<\/p>\n<p class=\"p7\"><span class=\"s3\">La privacy policy di youtube \u00e8 consultabile a questo indirizzo: <a href=\"https:\/\/support.google.com\/youtube\/answer\/10364219?hl=en#:~:text=YouTube%2520does%2520not%2520sell%2520your,results%252C%2520and%2520serving%2520relevant%2520ads\" target=\"_blank\" rel=\"noopener\"><span class=\"s4\">https:\/\/support.google.com\/youtube\/answer\/10364219?hl=en#:~:text=YouTube%20does%20not%20sell%20your,results%2C%20and%20serving%20relevant%20ads<\/span><\/a>. <\/span><\/p>\n<p class=\"p2\">La privacy policy di Instagram \u00e8, invece, consultabile a questo indirizzo: <a href=\"https:\/\/help.instagram.com\/155833707900388.\" target=\"_blank\" rel=\"noopener\">https:\/\/help.instagram.com\/155833707900388.<\/a><\/p>\n<p class=\"p2\">Qualora non volessi trasmettere dati a Facebook o altri social media, ti invitiamo a non cliccare sui relativi pulsanti social.<\/p>\n<p class=\"p2\"><b>Natura del conferimento<\/b>:&nbsp;Obbligatorio&nbsp;&#8211;&nbsp;Il mancato conferimento dei dati richiesti comporter\u00e0 l\u2019impossibilit\u00e0 per il Titolare di fornire servizi tramite la Pagina pubblicata su Facebook.<\/p>\n<p class=\"p2\"><b>Periodo conservazione dati personali<\/b>:&nbsp;I dati raccolti saranno trattati per il tempo strettamente per la realizzazione delle finalit\u00e0 sopradescritte come specificato nelle policy sopraindicate.<\/p>\n<p class=\"p2\"><b>Modalit\u00e0 del Trattamento<\/b>:&nbsp;Il trattamento \u00e8 eseguito con mezzi informatici dal Contitolare Facebook.<\/p>\n<p><strong>9. Newsletter.<\/strong><\/p>\n<p style=\"font-weight: 400;\">In presenza del consenso dell\u2019interessato, ti invieremo newsletter con comunicazioni promozionali aventi ad oggetti i prodotti presenti sul nostro sito web.<\/p>\n<p style=\"font-weight: 400;\">La newsletter ti verr\u00e0 inviata alla mail che inserirai all\u2019interno del sito.<\/p>\n<p style=\"font-weight: 400;\">Il conferimento dei dati \u00e8 facoltativo. Senza il tuo consenso preventivo non terremo traccia di questi dati. Il mancato consenso non avr\u00e0 alcuna conseguenza: potrai comunque effettuare acquisti e\/o navigare nel nostro sito.<\/p>\n<p style=\"font-weight: 400;\">Il consenso \u00e8 la base giuridica del trattamento.<\/p>\n<p style=\"font-weight: 400;\">Sar\u00e0 sempre possibile, comunque, revocare il consenso prestato in precedenza scrivendoci una mail o contattandoci in qualsiasi modo.<br>Sar\u00e0 tuo diritto, inoltre, richiedere la cancellazione dei tuoi dati.<\/p>\n<p style=\"font-weight: 400;\"><strong>Modalit\u00e0 del Trattamento:<\/strong>&nbsp;Il trattamento \u00e8 eseguito, prevalentemente, con strumenti informatici.<\/p>\n<p style=\"font-weight: 400;\"><strong>Periodo di conservazione:&nbsp;<\/strong>I dati personali saranno conservati sino a che non ci chiederai, liberamente e in qualsiasi modo, di non inviarti pi\u00f9 newsletter<\/p><p style=\"font-weight: 400;\"><br><\/p>\n<p style=\"font-weight: 400;\">\n<\/p>\n<p class=\"p8\"><span style=\"color: #a02042;\">4. TRASFERIMENTO DATI EXTRA UE<\/span><\/p>\n<p class=\"p2\">I dati personali sono conservati presso la sede del titolare, e, dunque, all\u2019interno dell\u2019Unione Europea nonch\u00e9 presso il datacenter del <i>webhosting<\/i> situato in Italia.<\/p>\n<p class=\"p2\">Consultando le pagine social, Facebook e gli altri social network potrebbero trasmettere i tuoi dati personali extra-UE, in questo caso, tuttavia, la Cantina Mingazzini non ha alcuna possibilit\u00e0 di impedire tale trasferimento.<\/p><p class=\"p2\"><br><\/p>\n<p class=\"p2\">\n<\/p>\n<p class=\"p8\"><span style=\"color: #a02042;\">5. DESTINATARI<\/span><\/p>\n<p class=\"p2\">I dati potranno essere resi accessibili per le finalit\u00e0 di cui al punto 3 alle seguenti categorie di soggetti:<\/p>\n<p class=\"p2\">a) a societ\u00e0 terze o altri soggetti (a titolo indicativo, societ\u00e0 che forniscono prestazioni informatiche) che svolgono attivit\u00e0 in <i>outsourcing<\/i> per conto del titolare, nella loro qualit\u00e0 di responsabili esterni del trattamento;<\/p>\n<p class=\"p2\">b) Societ\u00e0 di Hosting del sito web.<\/p>\n<p>I dati potranno, inoltre, essere comunicati a tutti i soggetti ai quali la comunicazione sia obbligatoria per legge per l\u2019espletamento delle finalit\u00e0 di cui al punto 2. Detti soggetti tratteranno i dati nella loro qualit\u00e0 di autonomi titolari del trattamento.<\/p>\n<p class=\"p3\">I Suoi dati non saranno diffusi.<\/p><p class=\"p3\"><br><\/p>\n<p class=\"p3\">\n<\/p>\n<p class=\"p1\"><span style=\"color: #a02042;\">6. DIRITTI DELL\u2019INTERESSATO<\/span><\/p>\n<p class=\"p2\">Ai sensi del Codice della privacy e degli articoli 15 e seguenti del Regolamento, quale Interessato al trattamento, ha diritto a:<\/p>\n<p class=\"p2\">a) ottenere la conferma dell\u2019esistenza o meno di dati personali che lo riguardano, anche se non ancora registrati, e la loro comunicazione in forma intelligibile;<\/p>\n<p class=\"p2\">b) ottenere l\u2019indicazione dell\u2019origine dei dati personali, delle finalit\u00e0 e modalit\u00e0 del trattamento, della logica applicata in caso di trattamento effettuato con l\u2019ausilio di strumenti elettronici, degli estremi identificativi del titolare e dei responsabili, dei soggetti o delle categorie di soggetti ai quali i dati personali possono essere comunicati in qualit\u00e0 di incaricati;<\/p>\n<p class=\"p2\">c) ottenere l\u2019aggiornamento, la rettifica ovvero, quando vi ha interesse, l\u2019integrazione dei dati;<\/p>\n<p class=\"p2\">d) ottenere la cancellazione dei dati nei casi previsti dall\u2019art. 17 Reg. Ue 2016\/679, la trasformazione in forma anonima o il blocco dei dati trattati in violazione di legge, compresi quelli di cui non \u00e8 necessaria la conservazione in relazione agli scopi per i quali i dati sono stati raccolti o successivamente trattati;<\/p>\n<p class=\"p2\">e) ottenere la limitazione del trattamento nei casi previsti dall\u2019art. 18 Reg. Ue 2016\/679;<\/p>\n<p class=\"p2\">f) ricevere in formato strutturato, di uso comune e leggibile da dispositivo automatico i dati personali che lo riguardano ed il diritto di trasmetterli ad un altro Titolare;<\/p>\n<p class=\"p2\">g) opporsi, in tutto o in parte per motivi legittimi al trattamento dei dati personali che lo riguardano, ancorch\u00e9 pertinenti allo scopo della raccolta;<\/p>\n<p class=\"p2\">h) opporsi al trattamento di dati personali che lo riguardano a fini di marketing diretto, di invio di materiale pubblicitario o di vendita diretta o per il compimento di ricerche di mercato o di comunicazione commerciale;<\/p>\n<p class=\"p2\">i) proporre reclamo all\u2019Autorit\u00e0 Garante per la Protezione dei dati Personali.<\/p>\n<p class=\"p2\">L\u2019esercizio dei diritti non \u00e8 soggetto ad alcun vincolo di forma ed \u00e8 gratuito.<\/p>\n<p class=\"p2\">A tal fine potr\u00e0 rivolgersi direttamente al titolare scrivendo una e-mail all\u2019indirizzo: <a href=\"mailto:info@cantinamingazzini.it\">mailto:info@cantinamingazzini.it<\/a><span class=\"s5\">.<\/span><\/p>\n<p class=\"p2\"><span class=\"s5\">&nbsp;<\/span><\/p>\n<p><\/p>\n<p class=\"p9\"><span style=\"color: #a02042;\">7. MISURE DI SICUREZZA<\/span><\/p>\n<p class=\"p2\">Il titolare del trattamento adotta apposite misure di sicurezza di natura tecnica e organizzativa idonee a prevenire la perdita dei dati, usi illeciti o non corretti e accessi non autorizzati. Viene assicurata, inoltre, la possibilit\u00e0 di ripristinare \u2013 in caso di eventi dannosi \u2013 il corretto funzionamento del sito nonch\u00e9 di garantire la salvaguardia dei dati trattati.<\/p>\t\t\t\t\t\t\t\t<\/div>\n\t\t\t\t<\/div>\n\t\t\t\t\t<\/div>\n\t\t<\/div>\n\t\t\t\t\t<\/div>\n\t\t<\/section>\n\t\t\t\t<\/div>","protected":false},"excerpt":{"rendered":"<p>Vin \u00c3\u20ac Porter \u00c3\u00a8 un marchio registrato di Cantina Mingazzini Srl INTRODUZIONE Con il presente documento (\u00e2\u20ac\u0153Informativa\u00e2\u20ac\u009d) il Titolare del trattamento, come di seguito definito, desidera informarla sulle finalit\u00c3\u00a0 e le modalit\u00c3\u00a0 del trattamento dei Suoi dati personali e sui diritti che Le sono riconosciuti dal Regolamento (UE) 2016\/679 (\u00e2\u20ac\u0153GDPR\u00e2\u20ac\u009d).La presente Informativa potr\u00c3\u00a0 essere integrata [&hellip;]<\/p>\n","protected":false},"author":1,"featured_media":0,"parent":0,"menu_order":0,"comment_status":"closed","ping_status":"closed","template":"","meta":{"footnotes":""},"class_list":["post-588","page","type-page","status-publish","hentry"],"_links":{"self":[{"href":"https:\/\/www.vinaporter.it\/en\/wp-json\/wp\/v2\/pages\/588","targetHints":{"allow":["GET"]}}],"collection":[{"href":"https:\/\/www.vinaporter.it\/en\/wp-json\/wp\/v2\/pages"}],"about":[{"href":"https:\/\/www.vinaporter.it\/en\/wp-json\/wp\/v2\/types\/page"}],"author":[{"embeddable":true,"href":"https:\/\/www.vinaporter.it\/en\/wp-json\/wp\/v2\/users\/1"}],"replies":[{"embeddable":true,"href":"https:\/\/www.vinaporter.it\/en\/wp-json\/wp\/v2\/comments?post=588"}],"version-history":[{"count":3,"href":"https:\/\/www.vinaporter.it\/en\/wp-json\/wp\/v2\/pages\/588\/revisions"}],"predecessor-version":[{"id":8287,"href":"https:\/\/www.vinaporter.it\/en\/wp-json\/wp\/v2\/pages\/588\/revisions\/8287"}],"wp:attachment":[{"href":"https:\/\/www.vinaporter.it\/en\/wp-json\/wp\/v2\/media?parent=588"}],"curies":[{"name":"wp","href":"https:\/\/api.w.org\/{rel}","templated":true}]}}